{"id":20,"date":"2020-05-29T10:02:57","date_gmt":"2020-05-29T10:02:57","guid":{"rendered":"https:\/\/christoph-sitta.de\/?page_id=20"},"modified":"2025-02-13T16:00:50","modified_gmt":"2025-02-13T16:00:50","slug":"schwerpunkte","status":"publish","type":"page","link":"https:\/\/christoph-sitta.de\/index.php\/schwerpunkte\/","title":{"rendered":"Kernthemen"},"content":{"rendered":"\t\t<div data-elementor-type=\"wp-page\" data-elementor-id=\"20\" class=\"elementor elementor-20\">\n\t\t\t\t\t\t<div class=\"elementor-inner\">\n\t\t\t\t<div class=\"elementor-section-wrap\">\n\t\t\t\t\t\t\t\t\t<section class=\"elementor-section elementor-top-section elementor-element elementor-element-711dad43 elementor-section-full_width elementor-section-height-default elementor-section-height-default\" data-id=\"711dad43\" data-element_type=\"section\">\n\t\t\t\t\t\t<div class=\"elementor-container elementor-column-gap-default\">\n\t\t\t\t\t\t\t<div class=\"elementor-row\">\n\t\t\t\t\t<div class=\"elementor-column elementor-col-50 elementor-top-column elementor-element elementor-element-6c13a1c6\" data-id=\"6c13a1c6\" data-element_type=\"column\">\n\t\t\t<div class=\"elementor-column-wrap elementor-element-populated\">\n\t\t\t\t\t\t\t<div class=\"elementor-widget-wrap\">\n\t\t\t\t\t\t<div class=\"elementor-element elementor-element-5a1a103 elementor-widget__width-initial elementor-widget elementor-widget-heading\" data-id=\"5a1a103\" data-element_type=\"widget\" data-widget_type=\"heading.default\">\n\t\t\t\t<div class=\"elementor-widget-container\">\n\t\t\t<h1 class=\"elementor-heading-title elementor-size-default\">Christoph sitta <b>Kernthemen.<\/b><\/h1>\t\t<\/div>\n\t\t\t\t<\/div>\n\t\t\t\t\t\t<\/div>\n\t\t\t\t\t<\/div>\n\t\t<\/div>\n\t\t\t\t<div class=\"elementor-column elementor-col-50 elementor-top-column elementor-element elementor-element-484b8f18\" data-id=\"484b8f18\" data-element_type=\"column\">\n\t\t\t<div class=\"elementor-column-wrap elementor-element-populated\">\n\t\t\t\t\t\t\t<div class=\"elementor-widget-wrap\">\n\t\t\t\t\t\t<div class=\"elementor-element elementor-element-42d10a51 elementor-widget elementor-widget-text-editor\" data-id=\"42d10a51\" data-element_type=\"widget\" data-widget_type=\"text-editor.default\">\n\t\t\t\t<div class=\"elementor-widget-container\">\n\t\t\t\t\t\t\t\t<div class=\"elementor-text-editor elementor-clearfix\">\n\t\t\t\t\t\t\t\t\t<\/div>\n\t\t\t\t\t\t<\/div>\n\t\t\t\t<\/div>\n\t\t\t\t\t\t<\/div>\n\t\t\t\t\t<\/div>\n\t\t<\/div>\n\t\t\t\t\t\t\t\t<\/div>\n\t\t\t\t\t<\/div>\n\t\t<\/section>\n\t\t\t\t<section class=\"elementor-section elementor-top-section elementor-element elementor-element-da2e68a elementor-section-boxed elementor-section-height-default elementor-section-height-default\" data-id=\"da2e68a\" data-element_type=\"section\">\n\t\t\t\t\t\t<div class=\"elementor-container elementor-column-gap-default\">\n\t\t\t\t\t\t\t<div class=\"elementor-row\">\n\t\t\t\t\t<div class=\"elementor-column elementor-col-100 elementor-top-column elementor-element elementor-element-31c0711\" data-id=\"31c0711\" data-element_type=\"column\">\n\t\t\t<div class=\"elementor-column-wrap elementor-element-populated\">\n\t\t\t\t\t\t\t<div class=\"elementor-widget-wrap\">\n\t\t\t\t\t\t<div class=\"elementor-element elementor-element-d432067 elementor-widget-divider--view-line elementor-widget elementor-widget-divider\" data-id=\"d432067\" data-element_type=\"widget\" data-widget_type=\"divider.default\">\n\t\t\t\t<div class=\"elementor-widget-container\">\n\t\t\t\t\t<div class=\"elementor-divider\">\n\t\t\t<span class=\"elementor-divider-separator\">\n\t\t\t\t\t\t<\/span>\n\t\t<\/div>\n\t\t\t\t<\/div>\n\t\t\t\t<\/div>\n\t\t\t\t\t\t<\/div>\n\t\t\t\t\t<\/div>\n\t\t<\/div>\n\t\t\t\t\t\t\t\t<\/div>\n\t\t\t\t\t<\/div>\n\t\t<\/section>\n\t\t\t\t<section class=\"elementor-section elementor-top-section elementor-element elementor-element-2ecfe2f elementor-section-boxed elementor-section-height-default elementor-section-height-default\" data-id=\"2ecfe2f\" data-element_type=\"section\">\n\t\t\t\t\t\t<div class=\"elementor-container elementor-column-gap-default\">\n\t\t\t\t\t\t\t<div class=\"elementor-row\">\n\t\t\t\t\t<div class=\"elementor-column elementor-col-100 elementor-top-column elementor-element elementor-element-1d474b7\" data-id=\"1d474b7\" data-element_type=\"column\">\n\t\t\t<div class=\"elementor-column-wrap elementor-element-populated\">\n\t\t\t\t\t\t\t<div class=\"elementor-widget-wrap\">\n\t\t\t\t\t\t<div class=\"elementor-element elementor-element-3d07aabc elementor-widget-divider--view-line_text elementor-widget-divider--element-align-left elementor-widget elementor-widget-divider\" data-id=\"3d07aabc\" data-element_type=\"widget\" id=\"starke-bildung\" data-widget_type=\"divider.default\">\n\t\t\t\t<div class=\"elementor-widget-container\">\n\t\t\t\t\t<div class=\"elementor-divider\">\n\t\t\t<span class=\"elementor-divider-separator\">\n\t\t\t\t\t\t\t<span class=\"elementor-divider__text elementor-divider__element\">\n\t\t\t\tStarkE <b>Bildung<\/b>\t\t\t\t<\/span>\n\t\t\t\t\t\t<\/span>\n\t\t<\/div>\n\t\t\t\t<\/div>\n\t\t\t\t<\/div>\n\t\t\t\t\t\t<\/div>\n\t\t\t\t\t<\/div>\n\t\t<\/div>\n\t\t\t\t\t\t\t\t<\/div>\n\t\t\t\t\t<\/div>\n\t\t<\/section>\n\t\t\t\t<section class=\"elementor-section elementor-top-section elementor-element elementor-element-51083dd elementor-section-content-middle elementor-section-boxed elementor-section-height-default elementor-section-height-default\" data-id=\"51083dd\" data-element_type=\"section\">\n\t\t\t\t\t\t<div class=\"elementor-container elementor-column-gap-default\">\n\t\t\t\t\t\t\t<div class=\"elementor-row\">\n\t\t\t\t\t<div class=\"elementor-column elementor-col-50 elementor-top-column elementor-element elementor-element-8d71350\" data-id=\"8d71350\" data-element_type=\"column\">\n\t\t\t<div class=\"elementor-column-wrap elementor-element-populated\">\n\t\t\t\t\t\t\t<div class=\"elementor-widget-wrap\">\n\t\t\t\t\t\t<div class=\"elementor-element elementor-element-5d184c1 elementor-widget elementor-widget-image\" data-id=\"5d184c1\" data-element_type=\"widget\" data-widget_type=\"image.default\">\n\t\t\t\t<div class=\"elementor-widget-container\">\n\t\t\t\t\t\t\t\t<div class=\"elementor-image\">\n\t\t\t\t\t\t\t\t\t\t\t\t<img decoding=\"async\" width=\"580\" height=\"387\" src=\"https:\/\/christoph-sitta.de\/wp-content\/uploads\/2020\/06\/happy-children-with-laptop-at-robotics-school-P8V3RH8-1024x683.jpg\" class=\"attachment-large size-large\" alt=\"\" loading=\"lazy\" srcset=\"https:\/\/christoph-sitta.de\/wp-content\/uploads\/2020\/06\/happy-children-with-laptop-at-robotics-school-P8V3RH8-1024x683.jpg 1024w, https:\/\/christoph-sitta.de\/wp-content\/uploads\/2020\/06\/happy-children-with-laptop-at-robotics-school-P8V3RH8-300x200.jpg 300w, https:\/\/christoph-sitta.de\/wp-content\/uploads\/2020\/06\/happy-children-with-laptop-at-robotics-school-P8V3RH8-768x512.jpg 768w, https:\/\/christoph-sitta.de\/wp-content\/uploads\/2020\/06\/happy-children-with-laptop-at-robotics-school-P8V3RH8-1536x1024.jpg 1536w, https:\/\/christoph-sitta.de\/wp-content\/uploads\/2020\/06\/happy-children-with-laptop-at-robotics-school-P8V3RH8-2048x1365.jpg 2048w, https:\/\/christoph-sitta.de\/wp-content\/uploads\/2020\/06\/happy-children-with-laptop-at-robotics-school-P8V3RH8-1200x800.jpg 1200w, https:\/\/christoph-sitta.de\/wp-content\/uploads\/2020\/06\/happy-children-with-laptop-at-robotics-school-P8V3RH8-1980x1320.jpg 1980w\" sizes=\"(max-width: 580px) 100vw, 580px\" \/>\t\t\t\t\t\t\t\t\t\t\t\t\t\t<\/div>\n\t\t\t\t\t\t<\/div>\n\t\t\t\t<\/div>\n\t\t\t\t\t\t<\/div>\n\t\t\t\t\t<\/div>\n\t\t<\/div>\n\t\t\t\t<div class=\"elementor-column elementor-col-50 elementor-top-column elementor-element elementor-element-d87e760\" data-id=\"d87e760\" data-element_type=\"column\">\n\t\t\t<div class=\"elementor-column-wrap elementor-element-populated\">\n\t\t\t\t\t\t\t<div class=\"elementor-widget-wrap\">\n\t\t\t\t\t\t<div class=\"elementor-element elementor-element-a851e5b elementor-widget elementor-widget-text-editor\" data-id=\"a851e5b\" data-element_type=\"widget\" data-widget_type=\"text-editor.default\">\n\t\t\t\t<div class=\"elementor-widget-container\">\n\t\t\t\t\t\t\t\t<div class=\"elementor-text-editor elementor-clearfix\">\n\t\t\t\t<p class=\"p1\"><span class=\"s1\">Kinder sind unsere Zukunft. Eine gute Bildung ist das Wichtigste, was wir ihnen mit auf den Weg geben k\u00f6nnen. Ich trete an, damit Baden-W\u00fcrttemberg hier wieder Spitzenreiter wird.<\/span><\/p>\t\t\t\t\t<\/div>\n\t\t\t\t\t\t<\/div>\n\t\t\t\t<\/div>\n\t\t\t\t\t\t<\/div>\n\t\t\t\t\t<\/div>\n\t\t<\/div>\n\t\t\t\t\t\t\t\t<\/div>\n\t\t\t\t\t<\/div>\n\t\t<\/section>\n\t\t\t\t<section class=\"elementor-section elementor-top-section elementor-element elementor-element-6cfc3f4 elementor-section-boxed elementor-section-height-default elementor-section-height-default\" data-id=\"6cfc3f4\" data-element_type=\"section\">\n\t\t\t\t\t\t<div class=\"elementor-container elementor-column-gap-default\">\n\t\t\t\t\t\t\t<div class=\"elementor-row\">\n\t\t\t\t\t<div class=\"elementor-column elementor-col-100 elementor-top-column elementor-element elementor-element-4970949\" data-id=\"4970949\" data-element_type=\"column\">\n\t\t\t<div class=\"elementor-column-wrap elementor-element-populated\">\n\t\t\t\t\t\t\t<div class=\"elementor-widget-wrap\">\n\t\t\t\t\t\t<div class=\"elementor-element elementor-element-9176296 elementor-widget elementor-widget-accordion\" data-id=\"9176296\" data-element_type=\"widget\" data-widget_type=\"accordion.default\">\n\t\t\t\t<div class=\"elementor-widget-container\">\n\t\t\t\t\t<div class=\"elementor-accordion\" role=\"tablist\">\n\t\t\t\t\t\t\t<div class=\"elementor-accordion-item\">\n\t\t\t\t\t<div id=\"elementor-tab-title-1521\" class=\"elementor-tab-title\" data-tab=\"1\" role=\"tab\" aria-controls=\"elementor-tab-content-1521\" aria-expanded=\"false\">\n\t\t\t\t\t\t\t\t\t\t\t\t\t<span class=\"elementor-accordion-icon elementor-accordion-icon-left\" aria-hidden=\"true\">\n\t\t\t\t\t\t\t\t\t\t\t\t\t\t\t<span class=\"elementor-accordion-icon-closed\"><i class=\"fas fa-plus\"><\/i><\/span>\n\t\t\t\t\t\t\t\t<span class=\"elementor-accordion-icon-opened\"><i class=\"fas fa-minus\"><\/i><\/span>\n\t\t\t\t\t\t\t\t\t\t\t\t\t\t<\/span>\n\t\t\t\t\t\t\t\t\t\t\t\t<a class=\"elementor-accordion-title\" href=\"\">Verbindliche Grundschulempfehlung <\/a>\n\t\t\t\t\t<\/div>\n\t\t\t\t\t<div id=\"elementor-tab-content-1521\" class=\"elementor-tab-content elementor-clearfix\" data-tab=\"1\" role=\"tabpanel\" aria-labelledby=\"elementor-tab-title-1521\"><p>Der Wegfall der verbindlichen Grundschulempfehlung hat dramatische Auswirkungen: Wir haben heute &#8211; mehr als fr\u00fcher &#8211; Sch\u00fclerinnen und Sch\u00fcler, die an Gymnasien und Realschulen \u00fcberfordert sind. Sie leiden darunter, weil sie st\u00e4ndig Entt\u00e4uschungen und Frust erleben. Und daraus entstehen soziale Probleme, unter denen auch diejenigen leiden, die an ihrer Schule v\u00f6llig richtig sind und lernen wollen.<\/p><p>Baden-W\u00fcrttemberg zeichnet ein durchl\u00e4ssiges Bildungssystem aus. Jedem stehen unz\u00e4hlige Wegen offen. Dazu z\u00e4hlt das Prinzip, dass zur jeweils n\u00e4chsten Stufe aber auch die entsprechende Leistung geh\u00f6rt. Deshalb von mir ein klares \u201eJa\u201c zur verbindlichen Grundschulempfehlung und zu klaren Standards als Empfehlungsgrundlage.<\/p><\/div>\n\t\t\t\t<\/div>\n\t\t\t\t\t\t\t<div class=\"elementor-accordion-item\">\n\t\t\t\t\t<div id=\"elementor-tab-title-1522\" class=\"elementor-tab-title\" data-tab=\"2\" role=\"tab\" aria-controls=\"elementor-tab-content-1522\" aria-expanded=\"false\">\n\t\t\t\t\t\t\t\t\t\t\t\t\t<span class=\"elementor-accordion-icon elementor-accordion-icon-left\" aria-hidden=\"true\">\n\t\t\t\t\t\t\t\t\t\t\t\t\t\t\t<span class=\"elementor-accordion-icon-closed\"><i class=\"fas fa-plus\"><\/i><\/span>\n\t\t\t\t\t\t\t\t<span class=\"elementor-accordion-icon-opened\"><i class=\"fas fa-minus\"><\/i><\/span>\n\t\t\t\t\t\t\t\t\t\t\t\t\t\t<\/span>\n\t\t\t\t\t\t\t\t\t\t\t\t<a class=\"elementor-accordion-title\" href=\"\">Das Fach Wirtschaft intensivieren <\/a>\n\t\t\t\t\t<\/div>\n\t\t\t\t\t<div id=\"elementor-tab-content-1522\" class=\"elementor-tab-content elementor-clearfix\" data-tab=\"2\" role=\"tabpanel\" aria-labelledby=\"elementor-tab-title-1522\"><p>Wer will sich heutzutage noch selbst\u00e4ndig machen? Wer hat heute noch Lust auf eine 50plus-Stunden-Woche oder auf Risiko? Wer will Verantwortung f\u00fcr andere und deren Familien \u00fcbernehmen? Die junge Generation lernt Unternehmertum in der Schule zumeist nur aus der Sicht der Kapitalismuskritik kennen. Deutlich weniger geht es um die Frage \u201eWie gr\u00fcnde ich ein Unternehmen?\u201c.<\/p><p>D.h. eine gute Wirtschaftspolitik beginnt f\u00fcr mich in den Schulen. Ich setze mich daf\u00fcr ein, dass wir das Fach Wirtschaft weiter st\u00e4rken. Junge Menschen sollen die Schulen mit einem \u00f6konomischen Basiswissen verlassen und der Gr\u00fcndergeist schon in den Schulen geweckt werden.<\/p><\/div>\n\t\t\t\t<\/div>\n\t\t\t\t\t\t\t<div class=\"elementor-accordion-item\">\n\t\t\t\t\t<div id=\"elementor-tab-title-1523\" class=\"elementor-tab-title\" data-tab=\"3\" role=\"tab\" aria-controls=\"elementor-tab-content-1523\" aria-expanded=\"false\">\n\t\t\t\t\t\t\t\t\t\t\t\t\t<span class=\"elementor-accordion-icon elementor-accordion-icon-left\" aria-hidden=\"true\">\n\t\t\t\t\t\t\t\t\t\t\t\t\t\t\t<span class=\"elementor-accordion-icon-closed\"><i class=\"fas fa-plus\"><\/i><\/span>\n\t\t\t\t\t\t\t\t<span class=\"elementor-accordion-icon-opened\"><i class=\"fas fa-minus\"><\/i><\/span>\n\t\t\t\t\t\t\t\t\t\t\t\t\t\t<\/span>\n\t\t\t\t\t\t\t\t\t\t\t\t<a class=\"elementor-accordion-title\" href=\"\">Offensive f\u00fcr Kitas und Grundschule<\/a>\n\t\t\t\t\t<\/div>\n\t\t\t\t\t<div id=\"elementor-tab-content-1523\" class=\"elementor-tab-content elementor-clearfix\" data-tab=\"3\" role=\"tabpanel\" aria-labelledby=\"elementor-tab-title-1523\"><p>Mit weniger Berichtspflichten in den Kitas entlasten wir die Erzieherinnen und Erzieher. Gleichzeitig schaffen wir damit Zeitressourcen f\u00fcr mehr Spiel und F\u00f6rderung in den Kitas.<\/p><p>Das wichtigste Fundament schulischen Lebens ist das menschliche Miteinander. Die gemeinsame Sprache ist dabei der Ausgangspunkt f\u00fcr alles. Der zentrale Schl\u00fcssel ist ein gro\u00dfes Sprachf\u00f6rderpaket zur St\u00e4rkung von Kita und Grundschule.<\/p><p>Damit stellen wir die Weichen f\u00fcr einen erfolgreichen Bildungsweg und schaffen die notwendigen Grundlagen f\u00fcrs Lesen, Rechnen und Schreiben an unseren Grundschulen.<\/p><\/div>\n\t\t\t\t<\/div>\n\t\t\t\t\t\t\t\t<\/div>\n\t\t\t\t<\/div>\n\t\t\t\t<\/div>\n\t\t\t\t\t\t<\/div>\n\t\t\t\t\t<\/div>\n\t\t<\/div>\n\t\t\t\t\t\t\t\t<\/div>\n\t\t\t\t\t<\/div>\n\t\t<\/section>\n\t\t\t\t<section class=\"elementor-section elementor-top-section elementor-element elementor-element-fcc3751 elementor-section-boxed elementor-section-height-default elementor-section-height-default\" data-id=\"fcc3751\" data-element_type=\"section\">\n\t\t\t\t\t\t<div class=\"elementor-container elementor-column-gap-default\">\n\t\t\t\t\t\t\t<div class=\"elementor-row\">\n\t\t\t\t\t<div class=\"elementor-column elementor-col-100 elementor-top-column elementor-element elementor-element-5a54d92\" data-id=\"5a54d92\" data-element_type=\"column\">\n\t\t\t<div class=\"elementor-column-wrap elementor-element-populated\">\n\t\t\t\t\t\t\t<div class=\"elementor-widget-wrap\">\n\t\t\t\t\t\t<div class=\"elementor-element elementor-element-89a93a5 elementor-widget-divider--view-line_text elementor-widget-divider--element-align-left elementor-widget elementor-widget-divider\" data-id=\"89a93a5\" data-element_type=\"widget\" id=\"starke-wirtschaft\" data-widget_type=\"divider.default\">\n\t\t\t\t<div class=\"elementor-widget-container\">\n\t\t\t\t\t<div class=\"elementor-divider\">\n\t\t\t<span class=\"elementor-divider-separator\">\n\t\t\t\t\t\t\t<span class=\"elementor-divider__text elementor-divider__element\">\n\t\t\t\tStarke <b>Wirtschaft<\/b>\t\t\t\t<\/span>\n\t\t\t\t\t\t<\/span>\n\t\t<\/div>\n\t\t\t\t<\/div>\n\t\t\t\t<\/div>\n\t\t\t\t\t\t<\/div>\n\t\t\t\t\t<\/div>\n\t\t<\/div>\n\t\t\t\t\t\t\t\t<\/div>\n\t\t\t\t\t<\/div>\n\t\t<\/section>\n\t\t\t\t<section class=\"elementor-section elementor-top-section elementor-element elementor-element-9763da7 elementor-section-content-middle elementor-section-boxed elementor-section-height-default elementor-section-height-default\" data-id=\"9763da7\" data-element_type=\"section\">\n\t\t\t\t\t\t<div class=\"elementor-container elementor-column-gap-default\">\n\t\t\t\t\t\t\t<div class=\"elementor-row\">\n\t\t\t\t\t<div class=\"elementor-column elementor-col-50 elementor-top-column elementor-element elementor-element-b2f552f\" data-id=\"b2f552f\" data-element_type=\"column\">\n\t\t\t<div class=\"elementor-column-wrap elementor-element-populated\">\n\t\t\t\t\t\t\t<div class=\"elementor-widget-wrap\">\n\t\t\t\t\t\t<div class=\"elementor-element elementor-element-1ff2306 elementor-widget elementor-widget-text-editor\" data-id=\"1ff2306\" data-element_type=\"widget\" data-widget_type=\"text-editor.default\">\n\t\t\t\t<div class=\"elementor-widget-container\">\n\t\t\t\t\t\t\t\t<div class=\"elementor-text-editor elementor-clearfix\">\n\t\t\t\t<p>Baden-W\u00fcrttemberg ist eine der f\u00fchrenden Wirtschaftsregionen in Europa. Dahinter steckt der Flei\u00df und Ideenreichtum der Menschen im Land: Zupackende Handwerkerinnen und Handwerker, findige T\u00fcftlerinnen und T\u00fcftler sowie tatkr\u00e4ftige Unternehmerinnen und Unternehmer und eine motivierte Arbeitnehmerschaft haben aus einem Land ohne nennenswerte fossile Bodensch\u00e4tze einen der europaweit exportst\u00e4rksten Wirtschaftsstandorte gemacht. Dieser wirtschaftliche Erfolg ist das Fundament unseres Wohlstandes \u2013 ein Fundament, das es zu verteidigen und deshalb stets neu auszurichten gilt.<\/p>\t\t\t\t\t<\/div>\n\t\t\t\t\t\t<\/div>\n\t\t\t\t<\/div>\n\t\t\t\t\t\t<\/div>\n\t\t\t\t\t<\/div>\n\t\t<\/div>\n\t\t\t\t<div class=\"elementor-column elementor-col-50 elementor-top-column elementor-element elementor-element-d317abe\" data-id=\"d317abe\" data-element_type=\"column\">\n\t\t\t<div class=\"elementor-column-wrap elementor-element-populated\">\n\t\t\t\t\t\t\t<div class=\"elementor-widget-wrap\">\n\t\t\t\t\t\t<div class=\"elementor-element elementor-element-f6a5832 elementor-widget elementor-widget-image\" data-id=\"f6a5832\" data-element_type=\"widget\" data-widget_type=\"image.default\">\n\t\t\t\t<div class=\"elementor-widget-container\">\n\t\t\t\t\t\t\t\t<div class=\"elementor-image\">\n\t\t\t\t\t\t\t\t\t\t\t\t<img decoding=\"async\" width=\"580\" height=\"387\" src=\"https:\/\/christoph-sitta.de\/wp-content\/uploads\/2020\/06\/engineers-in-workshop-3862627-1024x683.jpg\" class=\"attachment-large size-large\" alt=\"\" loading=\"lazy\" srcset=\"https:\/\/christoph-sitta.de\/wp-content\/uploads\/2020\/06\/engineers-in-workshop-3862627-1024x683.jpg 1024w, https:\/\/christoph-sitta.de\/wp-content\/uploads\/2020\/06\/engineers-in-workshop-3862627-300x200.jpg 300w, https:\/\/christoph-sitta.de\/wp-content\/uploads\/2020\/06\/engineers-in-workshop-3862627-768x512.jpg 768w, https:\/\/christoph-sitta.de\/wp-content\/uploads\/2020\/06\/engineers-in-workshop-3862627-1536x1025.jpg 1536w, https:\/\/christoph-sitta.de\/wp-content\/uploads\/2020\/06\/engineers-in-workshop-3862627-2048x1366.jpg 2048w, https:\/\/christoph-sitta.de\/wp-content\/uploads\/2020\/06\/engineers-in-workshop-3862627-1200x800.jpg 1200w, https:\/\/christoph-sitta.de\/wp-content\/uploads\/2020\/06\/engineers-in-workshop-3862627-1980x1321.jpg 1980w\" sizes=\"(max-width: 580px) 100vw, 580px\" \/>\t\t\t\t\t\t\t\t\t\t\t\t\t\t<\/div>\n\t\t\t\t\t\t<\/div>\n\t\t\t\t<\/div>\n\t\t\t\t\t\t<\/div>\n\t\t\t\t\t<\/div>\n\t\t<\/div>\n\t\t\t\t\t\t\t\t<\/div>\n\t\t\t\t\t<\/div>\n\t\t<\/section>\n\t\t\t\t<section class=\"elementor-section elementor-top-section elementor-element elementor-element-d6cfb60 elementor-section-boxed elementor-section-height-default elementor-section-height-default\" data-id=\"d6cfb60\" data-element_type=\"section\">\n\t\t\t\t\t\t<div class=\"elementor-container elementor-column-gap-default\">\n\t\t\t\t\t\t\t<div class=\"elementor-row\">\n\t\t\t\t\t<div class=\"elementor-column elementor-col-100 elementor-top-column elementor-element elementor-element-a4e69d5\" data-id=\"a4e69d5\" data-element_type=\"column\">\n\t\t\t<div class=\"elementor-column-wrap elementor-element-populated\">\n\t\t\t\t\t\t\t<div class=\"elementor-widget-wrap\">\n\t\t\t\t\t\t<div class=\"elementor-element elementor-element-952b63c elementor-widget elementor-widget-accordion\" data-id=\"952b63c\" data-element_type=\"widget\" data-widget_type=\"accordion.default\">\n\t\t\t\t<div class=\"elementor-widget-container\">\n\t\t\t\t\t<div class=\"elementor-accordion\" role=\"tablist\">\n\t\t\t\t\t\t\t<div class=\"elementor-accordion-item\">\n\t\t\t\t\t<div id=\"elementor-tab-title-1561\" class=\"elementor-tab-title\" data-tab=\"1\" role=\"tab\" aria-controls=\"elementor-tab-content-1561\" aria-expanded=\"false\">\n\t\t\t\t\t\t\t\t\t\t\t\t\t<span class=\"elementor-accordion-icon elementor-accordion-icon-left\" aria-hidden=\"true\">\n\t\t\t\t\t\t\t\t\t\t\t\t\t\t\t<span class=\"elementor-accordion-icon-closed\"><i class=\"fas fa-plus\"><\/i><\/span>\n\t\t\t\t\t\t\t\t<span class=\"elementor-accordion-icon-opened\"><i class=\"fas fa-minus\"><\/i><\/span>\n\t\t\t\t\t\t\t\t\t\t\t\t\t\t<\/span>\n\t\t\t\t\t\t\t\t\t\t\t\t<a class=\"elementor-accordion-title\" href=\"\">Start-up Mentalit\u00e4t<\/a>\n\t\t\t\t\t<\/div>\n\t\t\t\t\t<div id=\"elementor-tab-content-1561\" class=\"elementor-tab-content elementor-clearfix\" data-tab=\"1\" role=\"tabpanel\" aria-labelledby=\"elementor-tab-title-1561\"><p>\u201eBill Gates fing in einer Garage an. In Deutschland w\u00e4re er damit schon an der Gewerbeaufsicht gescheitert.\u201c An diesem Zitat von Roman Herzog ist nachwievor was dran. Ich setze mich daf\u00fcr ein, dass junge start-ups, Gr\u00fcnder, T\u00fcftler und Erfinder ihre Zukunft in unserer Region sehen \u2013 mit einer Unterst\u00fctzung und F\u00f6rderung der Gr\u00fcnderszene in Oberschwaben.<\/p><\/div>\n\t\t\t\t<\/div>\n\t\t\t\t\t\t\t<div class=\"elementor-accordion-item\">\n\t\t\t\t\t<div id=\"elementor-tab-title-1562\" class=\"elementor-tab-title\" data-tab=\"2\" role=\"tab\" aria-controls=\"elementor-tab-content-1562\" aria-expanded=\"false\">\n\t\t\t\t\t\t\t\t\t\t\t\t\t<span class=\"elementor-accordion-icon elementor-accordion-icon-left\" aria-hidden=\"true\">\n\t\t\t\t\t\t\t\t\t\t\t\t\t\t\t<span class=\"elementor-accordion-icon-closed\"><i class=\"fas fa-plus\"><\/i><\/span>\n\t\t\t\t\t\t\t\t<span class=\"elementor-accordion-icon-opened\"><i class=\"fas fa-minus\"><\/i><\/span>\n\t\t\t\t\t\t\t\t\t\t\t\t\t\t<\/span>\n\t\t\t\t\t\t\t\t\t\t\t\t<a class=\"elementor-accordion-title\" href=\"\">F\u00f6rderung Unternehmensnachfolge<\/a>\n\t\t\t\t\t<\/div>\n\t\t\t\t\t<div id=\"elementor-tab-content-1562\" class=\"elementor-tab-content elementor-clearfix\" data-tab=\"2\" role=\"tabpanel\" aria-labelledby=\"elementor-tab-title-1562\"><p>In den kommenden Jahren steht bei \u00fcber 20.000 Betrieben in BW die Unternehmensnachfolge an, in Deutschland sind es \u00fcber 500.000. Ich bin \u00fcberzeugt, wir m\u00fcssen uns dem Thema mehr als bisher annehmen. Die Verwurzelung unserer Mittelst\u00e4ndler mit ihrer Region ist wichtig und wertvoll und wir sollten hier einem Ausverkauf in Richtung Fernost entgegenwirken.<\/p><\/div>\n\t\t\t\t<\/div>\n\t\t\t\t\t\t\t<div class=\"elementor-accordion-item\">\n\t\t\t\t\t<div id=\"elementor-tab-title-1563\" class=\"elementor-tab-title\" data-tab=\"3\" role=\"tab\" aria-controls=\"elementor-tab-content-1563\" aria-expanded=\"false\">\n\t\t\t\t\t\t\t\t\t\t\t\t\t<span class=\"elementor-accordion-icon elementor-accordion-icon-left\" aria-hidden=\"true\">\n\t\t\t\t\t\t\t\t\t\t\t\t\t\t\t<span class=\"elementor-accordion-icon-closed\"><i class=\"fas fa-plus\"><\/i><\/span>\n\t\t\t\t\t\t\t\t<span class=\"elementor-accordion-icon-opened\"><i class=\"fas fa-minus\"><\/i><\/span>\n\t\t\t\t\t\t\t\t\t\t\t\t\t\t<\/span>\n\t\t\t\t\t\t\t\t\t\t\t\t<a class=\"elementor-accordion-title\" href=\"\">Regionale Ausbildungszentren<\/a>\n\t\t\t\t\t<\/div>\n\t\t\t\t\t<div id=\"elementor-tab-content-1563\" class=\"elementor-tab-content elementor-clearfix\" data-tab=\"3\" role=\"tabpanel\" aria-labelledby=\"elementor-tab-title-1563\"><p>Der Bedarf an Fachkr\u00e4ften ist im ganzen Land enorm. Die Grundlage f\u00fcr ein erfolgreiches Berufsleben ist immer eine gute Ausbildung. Regionale Ausbildungszentren bieten der Wirtschaft passgenaue L\u00f6sungen. Ein einzelner Betrieb kann heute kaum noch alle Einsatz- und Lernfelder eines Berufs abbilden, was ein klares Argument f\u00fcr die \u00fcberbetriebliche Ausbildung und deren Vielseitigkeit ist. Dieser L\u00f6sungsansatz bietet daher nicht nur das notwenige Werkzeug, sondern vor allem das Know-how.<\/p><\/div>\n\t\t\t\t<\/div>\n\t\t\t\t\t\t\t\t<\/div>\n\t\t\t\t<\/div>\n\t\t\t\t<\/div>\n\t\t\t\t\t\t<\/div>\n\t\t\t\t\t<\/div>\n\t\t<\/div>\n\t\t\t\t\t\t\t\t<\/div>\n\t\t\t\t\t<\/div>\n\t\t<\/section>\n\t\t\t\t<section class=\"elementor-section elementor-top-section elementor-element elementor-element-b7bac8a elementor-section-boxed elementor-section-height-default elementor-section-height-default\" data-id=\"b7bac8a\" data-element_type=\"section\">\n\t\t\t\t\t\t<div class=\"elementor-container elementor-column-gap-default\">\n\t\t\t\t\t\t\t<div class=\"elementor-row\">\n\t\t\t\t\t<div class=\"elementor-column elementor-col-100 elementor-top-column elementor-element elementor-element-164387f\" data-id=\"164387f\" data-element_type=\"column\">\n\t\t\t<div class=\"elementor-column-wrap elementor-element-populated\">\n\t\t\t\t\t\t\t<div class=\"elementor-widget-wrap\">\n\t\t\t\t\t\t<div class=\"elementor-element elementor-element-9d029e0 elementor-widget-divider--view-line_text elementor-widget-divider--element-align-left elementor-widget elementor-widget-divider\" data-id=\"9d029e0\" data-element_type=\"widget\" id=\"sicherheit-fuer-bw\" data-widget_type=\"divider.default\">\n\t\t\t\t<div class=\"elementor-widget-container\">\n\t\t\t\t\t<div class=\"elementor-divider\">\n\t\t\t<span class=\"elementor-divider-separator\">\n\t\t\t\t\t\t\t<span class=\"elementor-divider__text elementor-divider__element\">\n\t\t\t\tSicherheit <b>f\u00fcr BW<\/b>\t\t\t\t<\/span>\n\t\t\t\t\t\t<\/span>\n\t\t<\/div>\n\t\t\t\t<\/div>\n\t\t\t\t<\/div>\n\t\t\t\t\t\t<\/div>\n\t\t\t\t\t<\/div>\n\t\t<\/div>\n\t\t\t\t\t\t\t\t<\/div>\n\t\t\t\t\t<\/div>\n\t\t<\/section>\n\t\t\t\t<section class=\"elementor-section elementor-top-section elementor-element elementor-element-04957fa elementor-section-boxed elementor-section-height-default elementor-section-height-default\" data-id=\"04957fa\" data-element_type=\"section\">\n\t\t\t\t\t\t<div class=\"elementor-container elementor-column-gap-default\">\n\t\t\t\t\t\t\t<div class=\"elementor-row\">\n\t\t\t\t\t<div class=\"elementor-column elementor-col-50 elementor-top-column elementor-element elementor-element-1b1014d\" data-id=\"1b1014d\" data-element_type=\"column\">\n\t\t\t<div class=\"elementor-column-wrap elementor-element-populated\">\n\t\t\t\t\t\t\t<div class=\"elementor-widget-wrap\">\n\t\t\t\t\t\t<div class=\"elementor-element elementor-element-b77caf8 elementor-widget elementor-widget-image\" data-id=\"b77caf8\" data-element_type=\"widget\" data-widget_type=\"image.default\">\n\t\t\t\t<div class=\"elementor-widget-container\">\n\t\t\t\t\t\t\t\t<div class=\"elementor-image\">\n\t\t\t\t\t\t\t\t\t\t\t\t<img decoding=\"async\" width=\"753\" height=\"752\" src=\"https:\/\/christoph-sitta.de\/wp-content\/uploads\/2020\/06\/sitta_drk-1.jpg\" class=\"attachment-full size-full\" alt=\"\" loading=\"lazy\" srcset=\"https:\/\/christoph-sitta.de\/wp-content\/uploads\/2020\/06\/sitta_drk-1.jpg 753w, https:\/\/christoph-sitta.de\/wp-content\/uploads\/2020\/06\/sitta_drk-1-300x300.jpg 300w, https:\/\/christoph-sitta.de\/wp-content\/uploads\/2020\/06\/sitta_drk-1-150x150.jpg 150w\" sizes=\"(max-width: 753px) 100vw, 753px\" \/>\t\t\t\t\t\t\t\t\t\t\t\t\t\t<\/div>\n\t\t\t\t\t\t<\/div>\n\t\t\t\t<\/div>\n\t\t\t\t\t\t<\/div>\n\t\t\t\t\t<\/div>\n\t\t<\/div>\n\t\t\t\t<div class=\"elementor-column elementor-col-50 elementor-top-column elementor-element elementor-element-73da74d\" data-id=\"73da74d\" data-element_type=\"column\">\n\t\t\t<div class=\"elementor-column-wrap elementor-element-populated\">\n\t\t\t\t\t\t\t<div class=\"elementor-widget-wrap\">\n\t\t\t\t\t\t<div class=\"elementor-element elementor-element-d6e21a4 elementor-widget elementor-widget-text-editor\" data-id=\"d6e21a4\" data-element_type=\"widget\" data-widget_type=\"text-editor.default\">\n\t\t\t\t<div class=\"elementor-widget-container\">\n\t\t\t\t\t\t\t\t<div class=\"elementor-text-editor elementor-clearfix\">\n\t\t\t\t<p><span style=\"font-weight: 400;\">Seit 19 Jahren bin ich beim Deutschen Roten Kreuz im Katastrophenschutz aktiv und f\u00fchle mich daher als Vertreter der Blaulichtfamilie. <\/span><\/p><p><span style=\"font-weight: 400;\">Deshalb mache ich mich f\u00fcr die Sicherheit in ganz Baden-W\u00fcrttemberg stark. Ich bin \u00fcberzeugt &#8211; wir brauchen einen guten Mix aus pr\u00e4ventiven und restriktiven Ma\u00dfnahmen.<\/span><\/p><ul><li style=\"font-weight: 400;\"><span style=\"font-weight: 400;\">Wiederbelebung der Kommunalen Kriminalpr\u00e4vention (KKP)<\/span><\/li><li style=\"font-weight: 400;\"><span style=\"font-weight: 400;\">Berufsbild \u201eKommunaler Ordnungsdienst\u201c entwickeln<\/span><\/li><li style=\"font-weight: 400;\"><span style=\"font-weight: 400;\">Einsatz intelligenter Videotechnik auf \u00f6ffentlichen Pl\u00e4tzen<br \/><\/span><\/li><li style=\"font-weight: 400;\"><span style=\"font-weight: 400;\">Fokus auf st\u00e4dtebauliche Kriminalpr\u00e4vention<br \/><\/span><\/li><\/ul>\t\t\t\t\t<\/div>\n\t\t\t\t\t\t<\/div>\n\t\t\t\t<\/div>\n\t\t\t\t\t\t<\/div>\n\t\t\t\t\t<\/div>\n\t\t<\/div>\n\t\t\t\t\t\t\t\t<\/div>\n\t\t\t\t\t<\/div>\n\t\t<\/section>\n\t\t\t\t<section class=\"elementor-section elementor-top-section elementor-element elementor-element-21c2bfa elementor-section-boxed elementor-section-height-default elementor-section-height-default\" data-id=\"21c2bfa\" data-element_type=\"section\">\n\t\t\t\t\t\t<div class=\"elementor-container elementor-column-gap-default\">\n\t\t\t\t\t\t\t<div class=\"elementor-row\">\n\t\t\t\t\t<div class=\"elementor-column elementor-col-100 elementor-top-column elementor-element elementor-element-166e344\" data-id=\"166e344\" data-element_type=\"column\">\n\t\t\t<div class=\"elementor-column-wrap elementor-element-populated\">\n\t\t\t\t\t\t\t<div class=\"elementor-widget-wrap\">\n\t\t\t\t\t\t<div class=\"elementor-element elementor-element-593ae8d elementor-widget elementor-widget-accordion\" data-id=\"593ae8d\" data-element_type=\"widget\" data-widget_type=\"accordion.default\">\n\t\t\t\t<div class=\"elementor-widget-container\">\n\t\t\t\t\t<div class=\"elementor-accordion\" role=\"tablist\">\n\t\t\t\t\t\t\t<div class=\"elementor-accordion-item\">\n\t\t\t\t\t<div id=\"elementor-tab-title-9351\" class=\"elementor-tab-title\" data-tab=\"1\" role=\"tab\" aria-controls=\"elementor-tab-content-9351\" aria-expanded=\"false\">\n\t\t\t\t\t\t\t\t\t\t\t\t\t<span class=\"elementor-accordion-icon elementor-accordion-icon-left\" aria-hidden=\"true\">\n\t\t\t\t\t\t\t\t\t\t\t\t\t\t\t<span class=\"elementor-accordion-icon-closed\"><i class=\"fas fa-plus\"><\/i><\/span>\n\t\t\t\t\t\t\t\t<span class=\"elementor-accordion-icon-opened\"><i class=\"fas fa-minus\"><\/i><\/span>\n\t\t\t\t\t\t\t\t\t\t\t\t\t\t<\/span>\n\t\t\t\t\t\t\t\t\t\t\t\t<a class=\"elementor-accordion-title\" href=\"\">Einsatz intelligenter Videotechnik<\/a>\n\t\t\t\t\t<\/div>\n\t\t\t\t\t<div id=\"elementor-tab-content-9351\" class=\"elementor-tab-content elementor-clearfix\" data-tab=\"1\" role=\"tabpanel\" aria-labelledby=\"elementor-tab-title-9351\"><p>\u201eIch will die bestm\u00f6glichen Ma\u00dfnahmen f\u00fcr die Sicherheit im Land.&#8220; <\/p><p>Die Einf\u00fchrung intelligenter Video\u00fcberwachung auf \u00f6ffentlichen Pl\u00e4tzen kann einen bedeutenden Beitrag zur Erh\u00f6hung der Sicherheit und des Wohlbefindens der B\u00fcrger leisten. In einer Zeit, in der die Herausforderungen durch Kriminalit\u00e4t und Vandalismus zunehmen, bietet moderne Technologie die M\u00f6glichkeit, pr\u00e4ventiv und reaktionsschnell zu agieren.<br \/>Intelligente Video\u00fcberwachungssysteme sind in der Lage, verd\u00e4chtige Verhaltensweisen in Echtzeit zu erkennen und die zust\u00e4ndigen Sicherheitskr\u00e4fte sofort zu alarmieren. Dies kann nicht nur dazu beitragen, Straftaten zu verhindern, sondern auch die Aufkl\u00e4rung von Vorf\u00e4llen zu erleichtern. Zudem kann eine sichtbare Pr\u00e4senz von \u00dcberwachungskameras das Sicherheitsgef\u00fchl der B\u00fcrger st\u00e4rken und somit zu einer h\u00f6heren Lebensqualit\u00e4t in unseren St\u00e4dten f\u00fchren.<\/p><\/div>\n\t\t\t\t<\/div>\n\t\t\t\t\t\t\t<div class=\"elementor-accordion-item\">\n\t\t\t\t\t<div id=\"elementor-tab-title-9352\" class=\"elementor-tab-title\" data-tab=\"2\" role=\"tab\" aria-controls=\"elementor-tab-content-9352\" aria-expanded=\"false\">\n\t\t\t\t\t\t\t\t\t\t\t\t\t<span class=\"elementor-accordion-icon elementor-accordion-icon-left\" aria-hidden=\"true\">\n\t\t\t\t\t\t\t\t\t\t\t\t\t\t\t<span class=\"elementor-accordion-icon-closed\"><i class=\"fas fa-plus\"><\/i><\/span>\n\t\t\t\t\t\t\t\t<span class=\"elementor-accordion-icon-opened\"><i class=\"fas fa-minus\"><\/i><\/span>\n\t\t\t\t\t\t\t\t\t\t\t\t\t\t<\/span>\n\t\t\t\t\t\t\t\t\t\t\t\t<a class=\"elementor-accordion-title\" href=\"\">Unterst\u00fctzung der Ehrenamtlichen im Katastrophenschutz<\/a>\n\t\t\t\t\t<\/div>\n\t\t\t\t\t<div id=\"elementor-tab-content-9352\" class=\"elementor-tab-content elementor-clearfix\" data-tab=\"2\" role=\"tabpanel\" aria-labelledby=\"elementor-tab-title-9352\"><p>Die CDU steht f\u00fcr die Unterst\u00fctzung des Ehrenamts und f\u00fcr Sicherheit. Nirgendwo sonst sind die Begriffe so eng verkn\u00fcpft wie im Katastrophenschutz. Hier m\u00fcssen wir deutlich mehr tun. Es geht um fehlende Einsatzfahrzeuge und fehlendes Material sowie eine zu geringe Transportkapazit\u00e4t bei gr\u00f6\u00dferen Evakuierungen und anderen Szenarien.<\/p><p>Deshalb war es wichtig, dass auf meine Initiative hin die Investitionsoffensive f\u00fcr den Bev\u00f6lkerungsschutz im Land gestartet ist. Ich setze mich f\u00fcr einen leistungsstarken Katastrophenschutz in Baden-W\u00fcrttemberg ein. Die vielen Ehrenamtlichen haben volle Unterst\u00fctzung verdient.<\/p><\/div>\n\t\t\t\t<\/div>\n\t\t\t\t\t\t\t<div class=\"elementor-accordion-item\">\n\t\t\t\t\t<div id=\"elementor-tab-title-9353\" class=\"elementor-tab-title\" data-tab=\"3\" role=\"tab\" aria-controls=\"elementor-tab-content-9353\" aria-expanded=\"false\">\n\t\t\t\t\t\t\t\t\t\t\t\t\t<span class=\"elementor-accordion-icon elementor-accordion-icon-left\" aria-hidden=\"true\">\n\t\t\t\t\t\t\t\t\t\t\t\t\t\t\t<span class=\"elementor-accordion-icon-closed\"><i class=\"fas fa-plus\"><\/i><\/span>\n\t\t\t\t\t\t\t\t<span class=\"elementor-accordion-icon-opened\"><i class=\"fas fa-minus\"><\/i><\/span>\n\t\t\t\t\t\t\t\t\t\t\t\t\t\t<\/span>\n\t\t\t\t\t\t\t\t\t\t\t\t<a class=\"elementor-accordion-title\" href=\"\">Hochwasserschutz im Schussental<\/a>\n\t\t\t\t\t<\/div>\n\t\t\t\t\t<div id=\"elementor-tab-content-9353\" class=\"elementor-tab-content elementor-clearfix\" data-tab=\"3\" role=\"tabpanel\" aria-labelledby=\"elementor-tab-title-9353\"><p>Wir m\u00fcssen in Zukunft h\u00e4ufiger mit dem Auftreten von Extremwetterlagen rechnen. Deshalb m\u00fcssen wir im Hochwasserschutz noch besser werden \u2013 und das schnell. Hochwasserschutz ist Lebens- und Heimatschutz gleicherma\u00dfen. Mit pragmatischen L\u00f6sungen m\u00fcssen wir die Planungs- und Genehmigungsverfahren erheblich beschleunigen. Vor Ort braucht es f\u00fcr die Schussen und die Wolfegger Ach einen interkommunalen Hochwasserschutz. Dabei werde ich die Kommunen unterst\u00fctzen.<\/p><\/div>\n\t\t\t\t<\/div>\n\t\t\t\t\t\t\t\t<\/div>\n\t\t\t\t<\/div>\n\t\t\t\t<\/div>\n\t\t\t\t\t\t<\/div>\n\t\t\t\t\t<\/div>\n\t\t<\/div>\n\t\t\t\t\t\t\t\t<\/div>\n\t\t\t\t\t<\/div>\n\t\t<\/section>\n\t\t\t\t\t\t\t\t\t<\/div>\n\t\t\t<\/div>\n\t\t\t\t\t<\/div>\n\t\t","protected":false},"excerpt":{"rendered":"<p>Christoph sitta Kernthemen. StarkE Bildung Kinder sind unsere Zukunft. Eine gute Bildung ist das Wichtigste, was wir ihnen mit auf den Weg geben k\u00f6nnen. Ich trete an, damit Baden-W\u00fcrttemberg hier wieder Spitzenreiter wird. Verbindliche Grundschulempfehlung Der Wegfall der verbindlichen Grundschulempfehlung hat dramatische Auswirkungen: Wir haben heute &#8211; mehr als fr\u00fcher &#8211; Sch\u00fclerinnen und Sch\u00fcler, die [&hellip;]<\/p>\n","protected":false},"author":2,"featured_media":0,"parent":0,"menu_order":0,"comment_status":"closed","ping_status":"closed","template":"elementor_header_footer","meta":[],"_links":{"self":[{"href":"https:\/\/christoph-sitta.de\/index.php\/wp-json\/wp\/v2\/pages\/20"}],"collection":[{"href":"https:\/\/christoph-sitta.de\/index.php\/wp-json\/wp\/v2\/pages"}],"about":[{"href":"https:\/\/christoph-sitta.de\/index.php\/wp-json\/wp\/v2\/types\/page"}],"author":[{"embeddable":true,"href":"https:\/\/christoph-sitta.de\/index.php\/wp-json\/wp\/v2\/users\/2"}],"replies":[{"embeddable":true,"href":"https:\/\/christoph-sitta.de\/index.php\/wp-json\/wp\/v2\/comments?post=20"}],"version-history":[{"count":148,"href":"https:\/\/christoph-sitta.de\/index.php\/wp-json\/wp\/v2\/pages\/20\/revisions"}],"predecessor-version":[{"id":1357,"href":"https:\/\/christoph-sitta.de\/index.php\/wp-json\/wp\/v2\/pages\/20\/revisions\/1357"}],"wp:attachment":[{"href":"https:\/\/christoph-sitta.de\/index.php\/wp-json\/wp\/v2\/media?parent=20"}],"curies":[{"name":"wp","href":"https:\/\/api.w.org\/{rel}","templated":true}]}}